{"id":1010,"date":"2016-06-24T11:02:23","date_gmt":"2016-06-24T11:02:23","guid":{"rendered":"http:\/\/demo.oceanthemes.net\/archi\/?page_id=1010"},"modified":"2016-06-24T11:02:23","modified_gmt":"2016-06-24T11:02:23","slug":"services-list","status":"publish","type":"page","link":"https:\/\/www.almek.com.br\/index.php\/services-list\/","title":{"rendered":"Services List"},"content":{"rendered":"<p>[vc_row fullwidth=&#8221;yes&#8221; css=&#8221;.vc_custom_1466766141111{padding-top: 0px !important;padding-bottom: 0px !important;}&#8221;][vc_column]\t<!-- Element: OT Services List -->\n\t\n\t\t\n\t\t<section class=\"side-bg no-padding service-list\" id=\"section-service-1\">\n\n\t\t\t\n            <div class=\"image-container col-md-5 col-md-offset-7 pull-right right0 hidden-xs\" data-delay=\"0\">\n                <div class=\"background-image\" style=\"background-image:url('https:\/\/www.almek.com.br\/wp-content\/uploads\/2021\/03\/ft16.jpg');\"><\/div>\n            <\/div>\n\n            <!-- Added this code in 26\/03\/2019 -->\n            <div class=\"visible-xs mb-30\" data-delay=\"0\">\n            \t<img loading=\"lazy\" decoding=\"async\" width=\"540\" height=\"556\" src=\"https:\/\/www.almek.com.br\/wp-content\/uploads\/2021\/03\/ft16.jpg\" class=\"img-responsive wp-post-image\" alt=\"\" srcset=\"https:\/\/www.almek.com.br\/wp-content\/uploads\/2021\/03\/ft16.jpg 540w, https:\/\/www.almek.com.br\/wp-content\/uploads\/2021\/03\/ft16-291x300.jpg 291w\" sizes=\"auto, (max-width: 540px) 100vw, 540px\" title=\"ft16\" \/>            <\/div>\n\t\t\t\n            <div class=\"container\">\n                <div class=\"row\">\n                    <div class=\"inner-padding\">\n                        <div data-wow-delay=\".5s\" class=\"col-md-6 wow fadeInLeft\">\n                            <h3 class=\"id-color\">Fam\u00edlia Almek<\/h3>\n                            <div class=\"service-excerpt\"><p>Conhe\u00e7a um pouco da Fam\u00edlia Almek<\/p>\n<\/div>\n                            \t\t\t\t\t\t\t\t<div class=\"spacer-single\"><\/div>\n\t                            <a class=\"btn-line\" href=\"https:\/\/www.almek.com.br\/index.php\/service\/familia-almek\/\">Read More<\/a>\n\t\t\t\t\t\t\t                        <\/div>\n                        <div class=\"clearfix\"><\/div>\n                    <\/div>\n                <\/div>\n            <\/div>\n            \n        <\/section>            \n\t\n\t\n\t\t\n\t\t<section class=\"side-bg no-padding service-list\" id=\"section-service-2\">\n\n\t\t\t\t\t\t\n            <div class=\"image-container col-md-5 pull-left hidden-xs\" data-delay=\"0\">\n                <div class=\"background-image\" style=\"background-image:url('https:\/\/www.almek.com.br\/wp-content\/uploads\/2021\/03\/ft11.jpg');\"><\/div>\n            <\/div>\n\n            <!-- Added this code in 26\/03\/2019 -->\n            <div class=\"visible-xs mb-30\" data-delay=\"0\">\n            \t<img loading=\"lazy\" decoding=\"async\" width=\"540\" height=\"420\" src=\"https:\/\/www.almek.com.br\/wp-content\/uploads\/2021\/03\/ft11.jpg\" class=\"img-responsive wp-post-image\" alt=\"\" srcset=\"https:\/\/www.almek.com.br\/wp-content\/uploads\/2021\/03\/ft11.jpg 540w, https:\/\/www.almek.com.br\/wp-content\/uploads\/2021\/03\/ft11-300x233.jpg 300w\" sizes=\"auto, (max-width: 540px) 100vw, 540px\" title=\"ft11\" \/>            <\/div>\n\t\t\t\n            <div class=\"container\">\n                <div class=\"row\">\n                    <div class=\"inner-padding\">\n                        <div data-wow-delay=\".5s\" class=\"col-md-6 col-md-offset-6 wow fadeInRight\">\n                            <h3 class=\"id-color\">Eventos com arquitetos, engenheiros e designers de interiores<\/h3>\n                            <div class=\"service-excerpt\"><p>Veja fotos deste evento sensacional com arquitetos, engenheiros, e designers de interiores<\/p>\n<\/div>\n                            \t\t\t\t\t\t\t\t<div class=\"spacer-single\"><\/div>\n\t                            <a class=\"btn-line\" href=\"https:\/\/www.almek.com.br\/index.php\/service\/eventos-com-arquitetos-engenheiros-e-designers-de-interiores\/\">Read More<\/a>\n\t\t\t\t\t\t\t                        <\/div>\n                        <div class=\"clearfix\"><\/div>\n                    <\/div>\n                <\/div>\n            <\/div>\n\n            \n        <\/section>            \n\t\n\t\n\t\t\n\t\t<section class=\"side-bg no-padding service-list\" id=\"section-service-3\">\n\n\t\t\t\n            <div class=\"image-container col-md-5 col-md-offset-7 pull-right right0 hidden-xs\" data-delay=\"0\">\n                <div class=\"background-image\" style=\"background-image:url('https:\/\/www.almek.com.br\/wp-content\/uploads\/2021\/03\/ft07.jpg');\"><\/div>\n            <\/div>\n\n            <!-- Added this code in 26\/03\/2019 -->\n            <div class=\"visible-xs mb-30\" data-delay=\"0\">\n            \t<img loading=\"lazy\" decoding=\"async\" width=\"540\" height=\"576\" src=\"https:\/\/www.almek.com.br\/wp-content\/uploads\/2021\/03\/ft07.jpg\" class=\"img-responsive wp-post-image\" alt=\"\" srcset=\"https:\/\/www.almek.com.br\/wp-content\/uploads\/2021\/03\/ft07.jpg 540w, https:\/\/www.almek.com.br\/wp-content\/uploads\/2021\/03\/ft07-281x300.jpg 281w\" sizes=\"auto, (max-width: 540px) 100vw, 540px\" title=\"ft07\" \/>            <\/div>\n\t\t\t\n            <div class=\"container\">\n                <div class=\"row\">\n                    <div class=\"inner-padding\">\n                        <div data-wow-delay=\".5s\" class=\"col-md-6 wow fadeInLeft\">\n                            <h3 class=\"id-color\">Fepcon ( Festa dos profissionais da Constru\u00e7\u00e3o civil )<\/h3>\n                            <div class=\"service-excerpt\"><p>Veja fotos deste evento sensacional<\/p>\n<\/div>\n                            \t\t\t\t\t\t\t\t<div class=\"spacer-single\"><\/div>\n\t                            <a class=\"btn-line\" href=\"https:\/\/www.almek.com.br\/index.php\/service\/fepcon-festa-dos-profissionais-da-construcao-civil\/\">Read More<\/a>\n\t\t\t\t\t\t\t                        <\/div>\n                        <div class=\"clearfix\"><\/div>\n                    <\/div>\n                <\/div>\n            <\/div>\n            \n        <\/section>            \n\t\n\t\n\t\t\n\t\t<section class=\"side-bg no-padding service-list\" id=\"section-service-4\">\n\n\t\t\t\t\t\t\n            <div class=\"image-container col-md-5 pull-left hidden-xs\" data-delay=\"0\">\n                <div class=\"background-image\" style=\"background-image:url('https:\/\/www.almek.com.br\/wp-content\/uploads\/2021\/03\/ft02.jpg');\"><\/div>\n            <\/div>\n\n            <!-- Added this code in 26\/03\/2019 -->\n            <div class=\"visible-xs mb-30\" data-delay=\"0\">\n            \t<img loading=\"lazy\" decoding=\"async\" width=\"540\" height=\"422\" src=\"https:\/\/www.almek.com.br\/wp-content\/uploads\/2021\/03\/ft02.jpg\" class=\"img-responsive wp-post-image\" alt=\"\" srcset=\"https:\/\/www.almek.com.br\/wp-content\/uploads\/2021\/03\/ft02.jpg 540w, https:\/\/www.almek.com.br\/wp-content\/uploads\/2021\/03\/ft02-300x234.jpg 300w\" sizes=\"auto, (max-width: 540px) 100vw, 540px\" title=\"ft02\" \/>            <\/div>\n\t\t\t\n            <div class=\"container\">\n                <div class=\"row\">\n                    <div class=\"inner-padding\">\n                        <div data-wow-delay=\".5s\" class=\"col-md-6 col-md-offset-6 wow fadeInRight\">\n                            <h3 class=\"id-color\">Viagens internacionais de neg\u00f3cios (China, It\u00e1lia, Espanha, EUA)<\/h3>\n                            <div class=\"service-excerpt\"><p>Acompanhe um pouco de nossas viagens de neg\u00f3cios internacionais<\/p>\n<\/div>\n                            \t\t\t\t\t\t\t\t<div class=\"spacer-single\"><\/div>\n\t                            <a class=\"btn-line\" href=\"https:\/\/www.almek.com.br\/index.php\/service\/viagens-negocios\/\">Read More<\/a>\n\t\t\t\t\t\t\t                        <\/div>\n                        <div class=\"clearfix\"><\/div>\n                    <\/div>\n                <\/div>\n            <\/div>\n\n            \n        <\/section>            \n\t\n\t\n\t\t\n\t\t<section class=\"side-bg no-padding service-list\" id=\"section-service-5\">\n\n\t\t\t\n            <div class=\"image-container col-md-5 col-md-offset-7 pull-right right0 hidden-xs\" data-delay=\"0\">\n                <div class=\"background-image\" style=\"background-image:url('https:\/\/www.almek.com.br\/wp-content\/uploads\/2021\/03\/ft19.jpg');\"><\/div>\n            <\/div>\n\n            <!-- Added this code in 26\/03\/2019 -->\n            <div class=\"visible-xs mb-30\" data-delay=\"0\">\n            \t<img loading=\"lazy\" decoding=\"async\" width=\"540\" height=\"426\" src=\"https:\/\/www.almek.com.br\/wp-content\/uploads\/2021\/03\/ft19.jpg\" class=\"img-responsive wp-post-image\" alt=\"\" srcset=\"https:\/\/www.almek.com.br\/wp-content\/uploads\/2021\/03\/ft19.jpg 540w, https:\/\/www.almek.com.br\/wp-content\/uploads\/2021\/03\/ft19-300x237.jpg 300w\" sizes=\"auto, (max-width: 540px) 100vw, 540px\" title=\"ft19\" \/>            <\/div>\n\t\t\t\n            <div class=\"container\">\n                <div class=\"row\">\n                    <div class=\"inner-padding\">\n                        <div data-wow-delay=\".5s\" class=\"col-md-6 wow fadeInLeft\">\n                            <h3 class=\"id-color\">Visitas de alunos das redes p\u00fablicas e privadas e do curso de administra\u00e7\u00e3o da FASAP<\/h3>\n                            <div class=\"service-excerpt\"><p>Acompanhe o que Rolou na amostra de Arquitetura e Design que Participamos e Promovemos<\/p>\n<\/div>\n                            \t\t\t\t\t\t\t\t<div class=\"spacer-single\"><\/div>\n\t                            <a class=\"btn-line\" href=\"https:\/\/www.almek.com.br\/index.php\/service\/palestras-e-visitas-tecnicas\/\">Read More<\/a>\n\t\t\t\t\t\t\t                        <\/div>\n                        <div class=\"clearfix\"><\/div>\n                    <\/div>\n                <\/div>\n            <\/div>\n            \n        <\/section>            \n\t\n\t\n\t\t\n\t\t<section class=\"side-bg no-padding service-list\" id=\"section-service-6\">\n\n\t\t\t\t\t\t\n            <div class=\"image-container col-md-5 pull-left hidden-xs\" data-delay=\"0\">\n                <div class=\"background-image\" style=\"background-image:url('https:\/\/www.almek.com.br\/wp-content\/uploads\/2021\/03\/EDICAO-01-2021.jpg');\"><\/div>\n            <\/div>\n\n            <!-- Added this code in 26\/03\/2019 -->\n            <div class=\"visible-xs mb-30\" data-delay=\"0\">\n            \t<img loading=\"lazy\" decoding=\"async\" width=\"1240\" height=\"1754\" src=\"https:\/\/www.almek.com.br\/wp-content\/uploads\/2021\/03\/EDICAO-01-2021.jpg\" class=\"img-responsive wp-post-image\" alt=\"\" srcset=\"https:\/\/www.almek.com.br\/wp-content\/uploads\/2021\/03\/EDICAO-01-2021.jpg 1240w, https:\/\/www.almek.com.br\/wp-content\/uploads\/2021\/03\/EDICAO-01-2021-212x300.jpg 212w, https:\/\/www.almek.com.br\/wp-content\/uploads\/2021\/03\/EDICAO-01-2021-724x1024.jpg 724w, https:\/\/www.almek.com.br\/wp-content\/uploads\/2021\/03\/EDICAO-01-2021-768x1086.jpg 768w, https:\/\/www.almek.com.br\/wp-content\/uploads\/2021\/03\/EDICAO-01-2021-1086x1536.jpg 1086w\" sizes=\"auto, (max-width: 1240px) 100vw, 1240px\" title=\"EDICAO 01-2021\" \/>            <\/div>\n\t\t\t\n            <div class=\"container\">\n                <div class=\"row\">\n                    <div class=\"inner-padding\">\n                        <div data-wow-delay=\".5s\" class=\"col-md-6 col-md-offset-6 wow fadeInRight\">\n                            <h3 class=\"id-color\">Edicao 01-2021<\/h3>\n                            <div class=\"service-excerpt\"><p>Veja alguns Banheiros para voc\u00ea se inspirar e ter uma \u00e1rea de Bem estar \u00fanica e agrad\u00e1vel, que voc\u00ea possa se renovar, compartilhando Bem estar pra sua fam\u00edlia e amigos<\/p>\n<\/div>\n                            \t\t\t\t\t\t\t\t<div class=\"spacer-single\"><\/div>\n\t                            <a class=\"btn-line\" href=\"https:\/\/www.almek.com.br\/index.php\/service\/edicao-01-2021\/\">Read More<\/a>\n\t\t\t\t\t\t\t                        <\/div>\n                        <div class=\"clearfix\"><\/div>\n                    <\/div>\n                <\/div>\n            <\/div>\n\n            \n        <\/section>            \n\t\n\t\n\t\t\n\t\t<section class=\"side-bg no-padding service-list\" id=\"section-service-7\">\n\n\t\t\t\n            <div class=\"image-container col-md-5 col-md-offset-7 pull-right right0 hidden-xs\" data-delay=\"0\">\n                <div class=\"background-image\" style=\"background-image:url('https:\/\/www.almek.com.br\/wp-content\/uploads\/2021\/03\/EDICAO-03-2020-DEZ.jpg');\"><\/div>\n            <\/div>\n\n            <!-- Added this code in 26\/03\/2019 -->\n            <div class=\"visible-xs mb-30\" data-delay=\"0\">\n            \t<img loading=\"lazy\" decoding=\"async\" width=\"1240\" height=\"1754\" src=\"https:\/\/www.almek.com.br\/wp-content\/uploads\/2021\/03\/EDICAO-03-2020-DEZ.jpg\" class=\"img-responsive wp-post-image\" alt=\"\" srcset=\"https:\/\/www.almek.com.br\/wp-content\/uploads\/2021\/03\/EDICAO-03-2020-DEZ.jpg 1240w, https:\/\/www.almek.com.br\/wp-content\/uploads\/2021\/03\/EDICAO-03-2020-DEZ-212x300.jpg 212w, https:\/\/www.almek.com.br\/wp-content\/uploads\/2021\/03\/EDICAO-03-2020-DEZ-724x1024.jpg 724w, https:\/\/www.almek.com.br\/wp-content\/uploads\/2021\/03\/EDICAO-03-2020-DEZ-768x1086.jpg 768w, https:\/\/www.almek.com.br\/wp-content\/uploads\/2021\/03\/EDICAO-03-2020-DEZ-1086x1536.jpg 1086w\" sizes=\"auto, (max-width: 1240px) 100vw, 1240px\" title=\"EDICAO 03-2020-DEZ\" \/>            <\/div>\n\t\t\t\n            <div class=\"container\">\n                <div class=\"row\">\n                    <div class=\"inner-padding\">\n                        <div data-wow-delay=\".5s\" class=\"col-md-6 wow fadeInLeft\">\n                            <h3 class=\"id-color\">Edicao 03-2020<\/h3>\n                            <div class=\"service-excerpt\"><p>Veja alguns espa\u00e7os externos para voc\u00ea se inspirar e ter uma \u00e1rea de conviv\u00eancia \u00fanica e agrad\u00e1vel, que voc\u00ea possa se renovar e compartilhar com amigos e familiares.<\/p>\n<\/div>\n                            \t\t\t\t\t\t\t\t<div class=\"spacer-single\"><\/div>\n\t                            <a class=\"btn-line\" href=\"https:\/\/www.almek.com.br\/index.php\/service\/edicao-03-2020\/\">Read More<\/a>\n\t\t\t\t\t\t\t                        <\/div>\n                        <div class=\"clearfix\"><\/div>\n                    <\/div>\n                <\/div>\n            <\/div>\n            \n        <\/section>            \n\t\n\t\n\t\t\n\t\t<section class=\"side-bg no-padding service-list\" id=\"section-service-8\">\n\n\t\t\t\t\t\t\n            <div class=\"image-container col-md-5 pull-left hidden-xs\" data-delay=\"0\">\n                <div class=\"background-image\" style=\"background-image:url('https:\/\/www.almek.com.br\/wp-content\/uploads\/2021\/03\/EDICAO-02-2020-JUL-AGO-SET.jpg');\"><\/div>\n            <\/div>\n\n            <!-- Added this code in 26\/03\/2019 -->\n            <div class=\"visible-xs mb-30\" data-delay=\"0\">\n            \t<img loading=\"lazy\" decoding=\"async\" width=\"1240\" height=\"1754\" src=\"https:\/\/www.almek.com.br\/wp-content\/uploads\/2021\/03\/EDICAO-02-2020-JUL-AGO-SET.jpg\" class=\"img-responsive wp-post-image\" alt=\"\" srcset=\"https:\/\/www.almek.com.br\/wp-content\/uploads\/2021\/03\/EDICAO-02-2020-JUL-AGO-SET.jpg 1240w, https:\/\/www.almek.com.br\/wp-content\/uploads\/2021\/03\/EDICAO-02-2020-JUL-AGO-SET-212x300.jpg 212w, https:\/\/www.almek.com.br\/wp-content\/uploads\/2021\/03\/EDICAO-02-2020-JUL-AGO-SET-724x1024.jpg 724w, https:\/\/www.almek.com.br\/wp-content\/uploads\/2021\/03\/EDICAO-02-2020-JUL-AGO-SET-768x1086.jpg 768w, https:\/\/www.almek.com.br\/wp-content\/uploads\/2021\/03\/EDICAO-02-2020-JUL-AGO-SET-1086x1536.jpg 1086w\" sizes=\"auto, (max-width: 1240px) 100vw, 1240px\" title=\"EDICAO 02-2020-JUL-AGO-SET\" \/>            <\/div>\n\t\t\t\n            <div class=\"container\">\n                <div class=\"row\">\n                    <div class=\"inner-padding\">\n                        <div data-wow-delay=\".5s\" class=\"col-md-6 col-md-offset-6 wow fadeInRight\">\n                            <h3 class=\"id-color\">Edicao 02-2020<\/h3>\n                            <div class=\"service-excerpt\"><p>Veja alguns espa\u00e7os para voc\u00ea se inspirar e ter uma sala de estar aconchegante, transforme sua casa em per\u00edodos de pandemia de uma forma que ficar em casa n\u00e3o seja um esfor\u00e7o e sim um prazer.<\/p>\n<\/div>\n                            \t\t\t\t\t\t\t\t<div class=\"spacer-single\"><\/div>\n\t                            <a class=\"btn-line\" href=\"https:\/\/www.almek.com.br\/index.php\/service\/edicao-02-2020\/\">Read More<\/a>\n\t\t\t\t\t\t\t                        <\/div>\n                        <div class=\"clearfix\"><\/div>\n                    <\/div>\n                <\/div>\n            <\/div>\n\n            \n        <\/section>            \n\t\n\t\n\t\t\n\t\t<section class=\"side-bg no-padding service-list\" id=\"section-service-9\">\n\n\t\t\t\n            <div class=\"image-container col-md-5 col-md-offset-7 pull-right right0 hidden-xs\" data-delay=\"0\">\n                <div class=\"background-image\" style=\"background-image:url('https:\/\/www.almek.com.br\/wp-content\/uploads\/2021\/03\/EDICAO-01-2020-JAN-FEV-MAR.jpg');\"><\/div>\n            <\/div>\n\n            <!-- Added this code in 26\/03\/2019 -->\n            <div class=\"visible-xs mb-30\" data-delay=\"0\">\n            \t<img loading=\"lazy\" decoding=\"async\" width=\"1240\" height=\"1754\" src=\"https:\/\/www.almek.com.br\/wp-content\/uploads\/2021\/03\/EDICAO-01-2020-JAN-FEV-MAR.jpg\" class=\"img-responsive wp-post-image\" alt=\"\" srcset=\"https:\/\/www.almek.com.br\/wp-content\/uploads\/2021\/03\/EDICAO-01-2020-JAN-FEV-MAR.jpg 1240w, https:\/\/www.almek.com.br\/wp-content\/uploads\/2021\/03\/EDICAO-01-2020-JAN-FEV-MAR-212x300.jpg 212w, https:\/\/www.almek.com.br\/wp-content\/uploads\/2021\/03\/EDICAO-01-2020-JAN-FEV-MAR-724x1024.jpg 724w, https:\/\/www.almek.com.br\/wp-content\/uploads\/2021\/03\/EDICAO-01-2020-JAN-FEV-MAR-768x1086.jpg 768w, https:\/\/www.almek.com.br\/wp-content\/uploads\/2021\/03\/EDICAO-01-2020-JAN-FEV-MAR-1086x1536.jpg 1086w\" sizes=\"auto, (max-width: 1240px) 100vw, 1240px\" title=\"EDICAO 01-2020-JAN-FEV-MAR\" \/>            <\/div>\n\t\t\t\n            <div class=\"container\">\n                <div class=\"row\">\n                    <div class=\"inner-padding\">\n                        <div data-wow-delay=\".5s\" class=\"col-md-6 wow fadeInLeft\">\n                            <h3 class=\"id-color\">Edicao 01-2020<\/h3>\n                            <div class=\"service-excerpt\"><p>Veja alguns espa\u00e7os para que voc\u00ea possa relaxar ap\u00f3s uma longa jornada de Trabalho, desfrute, vislumbre e tenha id\u00e9ias criativas para fazer de seu banheiro um local para cuidar do seu bem estar.<\/p>\n<\/div>\n                            \t\t\t\t\t\t\t\t<div class=\"spacer-single\"><\/div>\n\t                            <a class=\"btn-line\" href=\"https:\/\/www.almek.com.br\/index.php\/service\/edicao-01-2020\/\">Read More<\/a>\n\t\t\t\t\t\t\t                        <\/div>\n                        <div class=\"clearfix\"><\/div>\n                    <\/div>\n                <\/div>\n            <\/div>\n            \n        <\/section>            \n\t\n\t\n\t\t\n\t\t<section class=\"side-bg no-padding service-list\" id=\"section-service-10\">\n\n\t\t\t\t\t\t\n            <div class=\"image-container col-md-5 pull-left hidden-xs\" data-delay=\"0\">\n                <div class=\"background-image\" style=\"background-image:url('https:\/\/www.almek.com.br\/wp-content\/uploads\/2021\/03\/EDICAO-03-2019-JUL-AGO-SET.jpg');\"><\/div>\n            <\/div>\n\n            <!-- Added this code in 26\/03\/2019 -->\n            <div class=\"visible-xs mb-30\" data-delay=\"0\">\n            \t<img loading=\"lazy\" decoding=\"async\" width=\"1240\" height=\"1754\" src=\"https:\/\/www.almek.com.br\/wp-content\/uploads\/2021\/03\/EDICAO-03-2019-JUL-AGO-SET.jpg\" class=\"img-responsive wp-post-image\" alt=\"\" srcset=\"https:\/\/www.almek.com.br\/wp-content\/uploads\/2021\/03\/EDICAO-03-2019-JUL-AGO-SET.jpg 1240w, https:\/\/www.almek.com.br\/wp-content\/uploads\/2021\/03\/EDICAO-03-2019-JUL-AGO-SET-212x300.jpg 212w, https:\/\/www.almek.com.br\/wp-content\/uploads\/2021\/03\/EDICAO-03-2019-JUL-AGO-SET-724x1024.jpg 724w, https:\/\/www.almek.com.br\/wp-content\/uploads\/2021\/03\/EDICAO-03-2019-JUL-AGO-SET-768x1086.jpg 768w, https:\/\/www.almek.com.br\/wp-content\/uploads\/2021\/03\/EDICAO-03-2019-JUL-AGO-SET-1086x1536.jpg 1086w\" sizes=\"auto, (max-width: 1240px) 100vw, 1240px\" title=\"EDICAO 03- 2019 - JUL-AGO-SET\" \/>            <\/div>\n\t\t\t\n            <div class=\"container\">\n                <div class=\"row\">\n                    <div class=\"inner-padding\">\n                        <div data-wow-delay=\".5s\" class=\"col-md-6 col-md-offset-6 wow fadeInRight\">\n                            <h3 class=\"id-color\">Edicao 03-2019<\/h3>\n                            <div class=\"service-excerpt\"><p>Veja alguns espa\u00e7os externos para voc\u00ea se inspirar e ter uma \u00e1rea externa \u00fanica, agrad\u00e1vel onde voc\u00ea possa relaxar, se renovar e se conectar com a natureza, aproveita-la compartilhando com sua fam\u00edlia e amigos.<\/p>\n<\/div>\n                            \t\t\t\t\t\t\t\t<div class=\"spacer-single\"><\/div>\n\t                            <a class=\"btn-line\" href=\"https:\/\/www.almek.com.br\/index.php\/service\/edicao-03-2019\/\">Read More<\/a>\n\t\t\t\t\t\t\t                        <\/div>\n                        <div class=\"clearfix\"><\/div>\n                    <\/div>\n                <\/div>\n            <\/div>\n\n            \n        <\/section>            \n\t\n\t\n\t\t\n\t\t<section class=\"side-bg no-padding service-list\" id=\"section-service-11\">\n\n\t\t\t\n            <div class=\"image-container col-md-5 col-md-offset-7 pull-right right0 hidden-xs\" data-delay=\"0\">\n                <div class=\"background-image\" style=\"background-image:url('https:\/\/www.almek.com.br\/wp-content\/uploads\/2021\/03\/EDICAO-02-2019-ABR-MAI-JUN.jpg');\"><\/div>\n            <\/div>\n\n            <!-- Added this code in 26\/03\/2019 -->\n            <div class=\"visible-xs mb-30\" data-delay=\"0\">\n            \t<img loading=\"lazy\" decoding=\"async\" width=\"1240\" height=\"1754\" src=\"https:\/\/www.almek.com.br\/wp-content\/uploads\/2021\/03\/EDICAO-02-2019-ABR-MAI-JUN.jpg\" class=\"img-responsive wp-post-image\" alt=\"\" srcset=\"https:\/\/www.almek.com.br\/wp-content\/uploads\/2021\/03\/EDICAO-02-2019-ABR-MAI-JUN.jpg 1240w, https:\/\/www.almek.com.br\/wp-content\/uploads\/2021\/03\/EDICAO-02-2019-ABR-MAI-JUN-212x300.jpg 212w, https:\/\/www.almek.com.br\/wp-content\/uploads\/2021\/03\/EDICAO-02-2019-ABR-MAI-JUN-724x1024.jpg 724w, https:\/\/www.almek.com.br\/wp-content\/uploads\/2021\/03\/EDICAO-02-2019-ABR-MAI-JUN-768x1086.jpg 768w, https:\/\/www.almek.com.br\/wp-content\/uploads\/2021\/03\/EDICAO-02-2019-ABR-MAI-JUN-1086x1536.jpg 1086w\" sizes=\"auto, (max-width: 1240px) 100vw, 1240px\" title=\"EDICAO 02 - 2019 - ABR-MAI-JUN\" \/>            <\/div>\n\t\t\t\n            <div class=\"container\">\n                <div class=\"row\">\n                    <div class=\"inner-padding\">\n                        <div data-wow-delay=\".5s\" class=\"col-md-6 wow fadeInLeft\">\n                            <h3 class=\"id-color\">Edicao 02-2019<\/h3>\n                            <div class=\"service-excerpt\"><p>Veja alguns espa\u00e7os para que voc\u00ea se inspire em ter um ambiente agrad\u00e1vel, criar boas recorda\u00e7\u00f5es, reunir seus amigos, familiares, receber visitas e curtir sua vida, e arejar sua mente.<\/p>\n<\/div>\n                            \t\t\t\t\t\t\t\t<div class=\"spacer-single\"><\/div>\n\t                            <a class=\"btn-line\" href=\"https:\/\/www.almek.com.br\/index.php\/service\/edicao-02-2019\/\">Read More<\/a>\n\t\t\t\t\t\t\t                        <\/div>\n                        <div class=\"clearfix\"><\/div>\n                    <\/div>\n                <\/div>\n            <\/div>\n            \n        <\/section>            \n\t\n\t\n\t\t\n\t\t<section class=\"side-bg no-padding service-list\" id=\"section-service-12\">\n\n\t\t\t\t\t\t\n            <div class=\"image-container col-md-5 pull-left hidden-xs\" data-delay=\"0\">\n                <div class=\"background-image\" style=\"background-image:url('https:\/\/www.almek.com.br\/wp-content\/uploads\/2021\/03\/EDICAO-04-2018-OUT-NOV-DEZ.jpg');\"><\/div>\n            <\/div>\n\n            <!-- Added this code in 26\/03\/2019 -->\n            <div class=\"visible-xs mb-30\" data-delay=\"0\">\n            \t<img loading=\"lazy\" decoding=\"async\" width=\"1240\" height=\"1754\" src=\"https:\/\/www.almek.com.br\/wp-content\/uploads\/2021\/03\/EDICAO-04-2018-OUT-NOV-DEZ.jpg\" class=\"img-responsive wp-post-image\" alt=\"\" srcset=\"https:\/\/www.almek.com.br\/wp-content\/uploads\/2021\/03\/EDICAO-04-2018-OUT-NOV-DEZ.jpg 1240w, https:\/\/www.almek.com.br\/wp-content\/uploads\/2021\/03\/EDICAO-04-2018-OUT-NOV-DEZ-212x300.jpg 212w, https:\/\/www.almek.com.br\/wp-content\/uploads\/2021\/03\/EDICAO-04-2018-OUT-NOV-DEZ-724x1024.jpg 724w, https:\/\/www.almek.com.br\/wp-content\/uploads\/2021\/03\/EDICAO-04-2018-OUT-NOV-DEZ-768x1086.jpg 768w, https:\/\/www.almek.com.br\/wp-content\/uploads\/2021\/03\/EDICAO-04-2018-OUT-NOV-DEZ-1086x1536.jpg 1086w\" sizes=\"auto, (max-width: 1240px) 100vw, 1240px\" title=\"EDICAO 04-2018-OUT-NOV-DEZ\" \/>            <\/div>\n\t\t\t\n            <div class=\"container\">\n                <div class=\"row\">\n                    <div class=\"inner-padding\">\n                        <div data-wow-delay=\".5s\" class=\"col-md-6 col-md-offset-6 wow fadeInRight\">\n                            <h3 class=\"id-color\">Edicao 04-2018<\/h3>\n                            <div class=\"service-excerpt\"><p>Veja algumas cozinhas que separamos para que possa te inspirar na decora\u00e7\u00e3o da sua, veja como \u00e9 poss\u00edvel transformar este espa\u00e7o em um lugar bonito e agrad\u00e1vel para compartilhar experi\u00eancias \u00fanicas.<\/p>\n<\/div>\n                            \t\t\t\t\t\t\t\t<div class=\"spacer-single\"><\/div>\n\t                            <a class=\"btn-line\" href=\"https:\/\/www.almek.com.br\/index.php\/service\/edicao-03-2020-2\/\">Read More<\/a>\n\t\t\t\t\t\t\t                        <\/div>\n                        <div class=\"clearfix\"><\/div>\n                    <\/div>\n                <\/div>\n            <\/div>\n\n            \n        <\/section>            \n\t\n\t\t\n\n[\/vc_column][\/vc_row]<\/p>\n","protected":false},"excerpt":{"rendered":"<p>[vc_row fullwidth=&#8221;yes&#8221; css=&#8221;.vc_custom_1466766141111{padding-top: 0px !important;padding-bottom: 0px !important;}&#8221;][vc_column][\/vc_column][\/vc_row]<\/p>\n","protected":false},"author":1,"featured_media":0,"parent":0,"menu_order":0,"comment_status":"closed","ping_status":"closed","template":"page-templates\/template-fullwidth.php","meta":{"footnotes":""},"class_list":["post-1010","page","type-page","status-publish","hentry"],"_links":{"self":[{"href":"https:\/\/www.almek.com.br\/index.php\/wp-json\/wp\/v2\/pages\/1010","targetHints":{"allow":["GET"]}}],"collection":[{"href":"https:\/\/www.almek.com.br\/index.php\/wp-json\/wp\/v2\/pages"}],"about":[{"href":"https:\/\/www.almek.com.br\/index.php\/wp-json\/wp\/v2\/types\/page"}],"author":[{"embeddable":true,"href":"https:\/\/www.almek.com.br\/index.php\/wp-json\/wp\/v2\/users\/1"}],"replies":[{"embeddable":true,"href":"https:\/\/www.almek.com.br\/index.php\/wp-json\/wp\/v2\/comments?post=1010"}],"version-history":[{"count":0,"href":"https:\/\/www.almek.com.br\/index.php\/wp-json\/wp\/v2\/pages\/1010\/revisions"}],"wp:attachment":[{"href":"https:\/\/www.almek.com.br\/index.php\/wp-json\/wp\/v2\/media?parent=1010"}],"curies":[{"name":"wp","href":"https:\/\/api.w.org\/{rel}","templated":true}]}}